{"arkId":"cl010102533","url":"https:\/\/collections.louvre.fr\/ark:\/53355\/cl010102533","modified ":"2025-08-25","title":"Vase","titleComplement":"","denominationTitle":[{"type":"Titre","value":"Vase"}],"displayDateCreated":"Date de cr\u00e9ation\/fabrication : 1800 - 1900","currentLocation":"non expos\u00e9","room":"","isMuseesNationauxRecuperation":false,"dateCreated":[{"startYear":1800,"endYear":1900,"imprecision":"","text":"XIXe si\u00e8cle","type":"Date de cr\u00e9ation\/fabrication","doubt":""}],"creator":[{"label":"Anonyme","attributionLevel":"Attribution actuelle","linkType":"","creatorRole":"","authenticationType":"","doubt":"","attributedBy":"","attributedYear":"","wikidata":"Q4233718"}],"objectNumber":[{"value":"TH 472","type":"Num\u00e9ro principal"}],"collection":"D\u00e9partement des Objets d\u0027art du Moyen Age, de la Renaissance et des temps modernes","printsDrawingsEntity":"","printsDrawingsCollection":"","objectType":"vase, r\u00e9cipient","originalObject":"","printState":"","description":"Vase de forme ovo\u00efde allong\u00e9e, d\u00e9cor bleu \u00e0 plantes aquatiques, oiseaux et canards.","inscriptions":"Etiquette : \r ; \u0022Q. 21.\u0022 (\u00e9tiquette imprim\u00e9e sous le pied)\r ; 472 (sur la panse)\r ; Inscription : \r ; 120 \u00e0 l\u0027encre sous le pied","namesAndTitles":"","onomastics":"","dimension":[{"type":"Hauteur","value":"31","displayDimension":"31 cm","unit":"cm","anteriorPrecision":"","posteriorPrecision":"","tri":1,"note":""},{"type":"Diam\u00e8tre","value":"31","displayDimension":"31 cm","unit":"cm","anteriorPrecision":"","posteriorPrecision":"","tri":2,"note":""}],"shape":"","materialsAndTechniques":"Mat\u00e9riau : c\u00e9ramique\r\nMat\u00e9riau : porcelaine","placeOfCreation":"Chine (Asie-\u003EAsie orientale = Extr\u00eame Orient)","dateOfDiscovery":"","placeOfDiscovery":"","provenance":"","historicalContext":[],"objectHistory":"Collection Adolphe Thiers; legs Elise Dosne Thiers, 1880, suivant les volont\u00e9s de son mari Adolphe Thiers et sous r\u00e9serve d\u2019usufruit de sa s\u0153ur F\u00e9licie Dosne qui y renonce et ex\u00e9cute le legs en 1881.","jabachInventory":"","napoleonInventory":"","previousOwner":[{"value":"Mme Dosne-Thiers, Elise","note":"","role":", Donateur"},{"value":"M. Thiers, Louis Adolphe","note":"","role":", Collectionneur"}],"acquisitionDetails":[{"mode":"legs sous r\u00e9serve d\u0027usufruit","doubt":"","dates":[{"type":"date d\u0027arriv\u00e9e au Mus\u00e9e","value":"1881","startYear":1881,"endYear":1881}]}],"ownedBy":"Etat","heldBy":"Mus\u00e9e du Louvre, D\u00e9partement des Objets d\u0027art du Moyen Age, de la Renaissance et des temps modernes","longTermLoanTo":"","index":{"Mode d\u0027acquisition":[{"value":"legs sous r\u00e9serve d\u0027usufruit"}],"Places":[{"value":"Chine"}],"objectType":[{"value":"vase, r\u00e9cipient"}]},"bibliography":[{"bibliographyRef":"Blanc, Charles, Collection d\u0027objets d\u0027art de Monsieur Thiers l\u00e9gu\u00e9e au Mus\u00e9e du Louvre, Paris, Impr. Jouaust et Sigaux, 1884","bibliographyDate":"1884","bibliographyDetail":"p. 214, n\u00b0472","comparison":false}],"exhibition":[],"relatedWork":[],"image":[{"urlImage":"https:\/\/collections.louvre.fr\/media\/cache\/original\/0000000021\/0000102533\/0000382499_OG.JPG","urlThumbnail":"https:\/\/collections.louvre.fr\/media\/cache\/small\/0000000021\/0000102533\/0000382499_OG.JPG","copyright":"\u00a9 2015 Mus\u00e9e du Louvre \/ D\u00e9partement des Objets d\u0027art du Moyen Age, de la Renaissance et des temps modernes","type":"","position":0},{"urlImage":"https:\/\/collections.louvre.fr\/media\/cache\/original\/0000000021\/0000102533\/0000382500_OG.JPG","urlThumbnail":"https:\/\/collections.louvre.fr\/media\/cache\/small\/0000000021\/0000102533\/0000382500_OG.JPG","copyright":"\u00a9 2015 Mus\u00e9e du Louvre \/ D\u00e9partement des Objets d\u0027art du Moyen Age, de la Renaissance et des temps modernes","type":"","position":1},{"urlImage":"https:\/\/collections.louvre.fr\/media\/cache\/original\/0000000021\/0000102533\/0000382501_OG.JPG","urlThumbnail":"https:\/\/collections.louvre.fr\/media\/cache\/small\/0000000021\/0000102533\/0000382501_OG.JPG","copyright":"\u00a9 2015 Mus\u00e9e du Louvre \/ D\u00e9partement des Objets d\u0027art du Moyen Age, de la Renaissance et des temps modernes","type":"","position":2},{"urlImage":"https:\/\/collections.louvre.fr\/media\/cache\/large\/0000000021\/0000102533\/0000343283_OG.JPG","urlThumbnail":"https:\/\/collections.louvre.fr\/media\/cache\/small\/0000000021\/0000102533\/0000343283_OG.JPG","copyright":"\u00a9 Mus\u00e9e du Louvre \/ D\u00e9partement des Objets d\u0027art du Moyen Age, de la Renaissance et des temps modernes","type":"","position":3}]}